{"version":"1.0","provider_name":"Zavnews","provider_url":"https:\/\/zavnews.net","title":"'Adana Co' nastavlja zapo\u0161ljavati bora\u010dku populaciju - Zavnews","type":"rich","width":600,"height":338,"html":"<blockquote class=\"wp-embedded-content\" data-secret=\"82kl5egAsq\"><a href=\"https:\/\/zavnews.net\/index.php\/2017\/03\/31\/adana-co-nastavlja-zaposljavati-boracku-populaciju\/\">&#8216;Adana Co&#8217; nastavlja zapo\u0161ljavati bora\u010dku populaciju<\/a><\/blockquote><iframe sandbox=\"allow-scripts\" security=\"restricted\" src=\"https:\/\/zavnews.net\/index.php\/2017\/03\/31\/adana-co-nastavlja-zaposljavati-boracku-populaciju\/embed\/#?secret=82kl5egAsq\" width=\"600\" height=\"338\" title=\"&#8220;&#8216;Adana Co&#8217; nastavlja zapo\u0161ljavati bora\u010dku populaciju&#8221; &#8212; Zavnews\" data-secret=\"82kl5egAsq\" frameborder=\"0\" marginwidth=\"0\" marginheight=\"0\" scrolling=\"no\" class=\"wp-embedded-content\"><\/iframe><script type=\"text\/javascript\">\n\/* <![CDATA[ *\/\n\/*! This file is auto-generated *\/\n!function(d,l){\"use strict\";l.querySelector&&d.addEventListener&&\"undefined\"!=typeof URL&&(d.wp=d.wp||{},d.wp.receiveEmbedMessage||(d.wp.receiveEmbedMessage=function(e){var t=e.data;if((t||t.secret||t.message||t.value)&&!\/[^a-zA-Z0-9]\/.test(t.secret)){for(var s,r,n,a=l.querySelectorAll('iframe[data-secret=\"'+t.secret+'\"]'),o=l.querySelectorAll('blockquote[data-secret=\"'+t.secret+'\"]'),c=new RegExp(\"^https?:$\",\"i\"),i=0;i<o.length;i++)o[i].style.display=\"none\";for(i=0;i<a.length;i++)s=a[i],e.source===s.contentWindow&&(s.removeAttribute(\"style\"),\"height\"===t.message?(1e3<(r=parseInt(t.value,10))?r=1e3:~~r<200&&(r=200),s.height=r):\"link\"===t.message&&(r=new URL(s.getAttribute(\"src\")),n=new URL(t.value),c.test(n.protocol))&&n.host===r.host&&l.activeElement===s&&(d.top.location.href=t.value))}},d.addEventListener(\"message\",d.wp.receiveEmbedMessage,!1),l.addEventListener(\"DOMContentLoaded\",function(){for(var e,t,s=l.querySelectorAll(\"iframe.wp-embedded-content\"),r=0;r<s.length;r++)(t=(e=s[r]).getAttribute(\"data-secret\"))||(t=Math.random().toString(36).substring(2,12),e.src+=\"#?secret=\"+t,e.setAttribute(\"data-secret\",t)),e.contentWindow.postMessage({message:\"ready\",secret:t},\"*\")},!1)))}(window,document);\n\/* ]]> *\/\n<\/script>\n","thumbnail_url":"https:\/\/zavnews.net\/wp-content\/uploads\/2017\/03\/55da0f28-0c37-4138-94f5-0780768de6a3adana_posjeta.jpg","thumbnail_width":833,"thumbnail_height":407,"description":"Preduze\u0107e &#8220;Adana Co&#8221; iz Had\u017ei\u0107a i njegove uposlenike koji uglavnom dolaze iz redova bora\u010dke populacije je ju\u010der posjetio\u00a0ministar za bora\u010dka pitanja Kantona Sarajevo Muharem Fi\u0161o. Ovom prilikom, ministar Fi\u0161o je u razgovoru sa direktorom ove uspje\u0161ne bosanskohercegova\u010dke firme Nerminom Ademovi\u0107em..."}