{"version":"1.0","provider_name":"Zavnews","provider_url":"https:\/\/zavnews.net","title":"Ministri Zuki\u0107 i Dedi\u0107 na otvaranju Sajma namje\u0161taja \u2013 Interio - Zavnews","type":"rich","width":600,"height":338,"html":"<blockquote class=\"wp-embedded-content\" data-secret=\"VUkkw0MG9q\"><a href=\"https:\/\/zavnews.net\/index.php\/2017\/03\/15\/ministri-zukic-dedic-otvaranju-sajma-namjestaja-interio\/\">Ministri Zuki\u0107 i Dedi\u0107 na otvaranju Sajma namje\u0161taja \u2013 Interio<\/a><\/blockquote><iframe sandbox=\"allow-scripts\" security=\"restricted\" src=\"https:\/\/zavnews.net\/index.php\/2017\/03\/15\/ministri-zukic-dedic-otvaranju-sajma-namjestaja-interio\/embed\/#?secret=VUkkw0MG9q\" width=\"600\" height=\"338\" title=\"&#8220;Ministri Zuki\u0107 i Dedi\u0107 na otvaranju Sajma namje\u0161taja \u2013 Interio&#8221; &#8212; Zavnews\" data-secret=\"VUkkw0MG9q\" frameborder=\"0\" marginwidth=\"0\" marginheight=\"0\" scrolling=\"no\" class=\"wp-embedded-content\"><\/iframe><script type=\"text\/javascript\">\n\/* <![CDATA[ *\/\n\/*! This file is auto-generated *\/\n!function(d,l){\"use strict\";l.querySelector&&d.addEventListener&&\"undefined\"!=typeof URL&&(d.wp=d.wp||{},d.wp.receiveEmbedMessage||(d.wp.receiveEmbedMessage=function(e){var t=e.data;if((t||t.secret||t.message||t.value)&&!\/[^a-zA-Z0-9]\/.test(t.secret)){for(var s,r,n,a=l.querySelectorAll('iframe[data-secret=\"'+t.secret+'\"]'),o=l.querySelectorAll('blockquote[data-secret=\"'+t.secret+'\"]'),c=new RegExp(\"^https?:$\",\"i\"),i=0;i<o.length;i++)o[i].style.display=\"none\";for(i=0;i<a.length;i++)s=a[i],e.source===s.contentWindow&&(s.removeAttribute(\"style\"),\"height\"===t.message?(1e3<(r=parseInt(t.value,10))?r=1e3:~~r<200&&(r=200),s.height=r):\"link\"===t.message&&(r=new URL(s.getAttribute(\"src\")),n=new URL(t.value),c.test(n.protocol))&&n.host===r.host&&l.activeElement===s&&(d.top.location.href=t.value))}},d.addEventListener(\"message\",d.wp.receiveEmbedMessage,!1),l.addEventListener(\"DOMContentLoaded\",function(){for(var e,t,s=l.querySelectorAll(\"iframe.wp-embedded-content\"),r=0;r<s.length;r++)(t=(e=s[r]).getAttribute(\"data-secret\"))||(t=Math.random().toString(36).substring(2,12),e.src+=\"#?secret=\"+t,e.setAttribute(\"data-secret\",t)),e.contentWindow.postMessage({message:\"ready\",secret:t},\"*\")},!1)))}(window,document);\n\/* ]]> *\/\n<\/script>\n","thumbnail_url":"https:\/\/zavnews.net\/wp-content\/uploads\/2017\/03\/INTERIO.jpg","thumbnail_width":900,"thumbnail_height":445,"description":"Federalni ministar razvoja, poduzetni\u0161tva i obrta Amir Zuki\u0107 i federalni\u00a0ministar\u00a0poljoprivrede, vodoprivrede i \u0161umarstva \u0160emsudin\u00a0Dedi\u0107, danas su u sarajevskom Centru Skenderija prisustvovali otvorenju 34. me\u0111unarodnog sajma namje\u0161taja, unutra\u0161njeg i vanjskog ure\u0111enja, te prate\u0107e industrije \u2013 Interio. Ceremoniji otvaranja prisustvovali su i..."}